{"id":2692,"date":"2021-09-15T12:03:08","date_gmt":"2021-09-15T12:03:08","guid":{"rendered":"http:\/\/www.semh2022.com\/?page_id=2692"},"modified":"2022-04-22T11:05:10","modified_gmt":"2022-04-22T11:05:10","slug":"inicio_new","status":"publish","type":"page","link":"http:\/\/www.semh2022.com\/","title":{"rendered":"inicio_new"},"content":{"rendered":"<p>[et_pb_section fb_built=\u00bb1&#8243; fullwidth=\u00bbon\u00bb _builder_version=\u00bb4.16&#8243; _module_preset=\u00bbdefault\u00bb global_colors_info=\u00bb{}\u00bb][et_pb_fullwidth_image src=\u00bbhttp:\/\/www.semh2022.com\/wp-content\/uploads\/2021\/09\/banner-principal-1.jpg\u00bb title_text=\u00bbbanner-principal\u00bb disabled_on=\u00bbon|on|on\u00bb _builder_version=\u00bb4.16&#8243; _module_preset=\u00bbdefault\u00bb disabled=\u00bbon\u00bb global_colors_info=\u00bb{}\u00bb][\/et_pb_fullwidth_image][\/et_pb_section][et_pb_section fb_built=\u00bb1&#8243; fullwidth=\u00bbon\u00bb disabled_on=\u00bboff|off|off\u00bb _builder_version=\u00bb4.16&#8243; _module_preset=\u00bbdefault\u00bb global_colors_info=\u00bb{}\u00bb][et_pb_fullwidth_slider show_image_video_mobile=\u00bbon\u00bb arrows_custom_color=\u00bb#757575&#8243; dot_nav_custom_color=\u00bb#757575&#8243; disabled_on=\u00bboff|off|off\u00bb _builder_version=\u00bb4.16.0&#8243; _module_preset=\u00bbdefault\u00bb height_tablet=\u00bb\u00bb height_phone=\u00bb112px\u00bb height_last_edited=\u00bbon|desktop\u00bb max_height_tablet=\u00bb\u00bb max_height_phone=\u00bb1000px\u00bb max_height_last_edited=\u00bbon|phone\u00bb custom_padding=\u00bb397px||62px|||\u00bb auto=\u00bbon\u00bb auto_speed=\u00bb4000&#8243; auto_ignore_hover=\u00bbon\u00bb global_colors_info=\u00bb{}\u00bb][et_pb_slide _builder_version=\u00bb4.16&#8243; _module_preset=\u00bbdefault\u00bb background_image=\u00bbhttp:\/\/www.semh2022.com\/wp-content\/uploads\/2021\/09\/banner-principal-1.jpg\u00bb background_enable_image=\u00bbon\u00bb global_colors_info=\u00bb{}\u00bb sticky_transition=\u00bbon\u00bb][\/et_pb_slide][et_pb_slide url_new_window=\u00bbon\u00bb _builder_version=\u00bb4.16.0&#8243; _module_preset=\u00bbdefault\u00bb background_image=\u00bbhttp:\/\/www.semh2022.com\/wp-content\/uploads\/2022\/04\/banner_caja_2296x640.jpg\u00bb background_enable_image=\u00bbon\u00bb link_option_url=\u00bbhttps:\/\/www.crextremadura.com\/\u00bb link_option_url_new_window=\u00bbon\u00bb global_colors_info=\u00bb{}\u00bb sticky_transition=\u00bbon\u00bb][\/et_pb_slide][et_pb_slide _builder_version=\u00bb4.16&#8243; _module_preset=\u00bbdefault\u00bb background_image=\u00bbhttp:\/\/www.semh2022.com\/wp-content\/uploads\/2022\/01\/PROVISIA-BANNER.jpg\u00bb background_enable_image=\u00bbon\u00bb link_option_url=\u00bbhttps:\/\/www.basf.com\/es\/es.html\u00bb link_option_url_new_window=\u00bbon\u00bb global_colors_info=\u00bb{}\u00bb sticky_transition=\u00bbon\u00bb][\/et_pb_slide][et_pb_slide _builder_version=\u00bb4.16&#8243; _module_preset=\u00bbdefault\u00bb background_image=\u00bbhttp:\/\/www.semh2022.com\/wp-content\/uploads\/2022\/02\/banner_mesa_arroz.jpg\u00bb background_enable_image=\u00bbon\u00bb link_option_url_new_window=\u00bbon\u00bb global_colors_info=\u00bb{}\u00bb sticky_transition=\u00bbon\u00bb][\/et_pb_slide][et_pb_slide url_new_window=\u00bbon\u00bb _builder_version=\u00bb4.16&#8243; _module_preset=\u00bbdefault\u00bb background_image=\u00bbhttp:\/\/www.semh2022.com\/wp-content\/uploads\/2022\/02\/Banner-Tripali-1822&#215;508-px.png\u00bb background_enable_image=\u00bbon\u00bb link_option_url=\u00bbhttps:\/\/fmcagro.es\/\u00bb link_option_url_new_window=\u00bbon\u00bb global_colors_info=\u00bb{}\u00bb sticky_transition=\u00bbon\u00bb][\/et_pb_slide][et_pb_slide url_new_window=\u00bbon\u00bb _builder_version=\u00bb4.16&#8243; _module_preset=\u00bbdefault\u00bb background_image=\u00bbhttp:\/\/www.semh2022.com\/wp-content\/uploads\/2022\/01\/1822&#215;508.jpg\u00bb background_enable_image=\u00bbon\u00bb link_option_url=\u00bbhttps:\/\/www.corteva.es\/productos-y-soluciones\/proteccion-de-cultivos\/loyant.html\u00bb link_option_url_new_window=\u00bbon\u00bb global_colors_info=\u00bb{}\u00bb sticky_transition=\u00bbon\u00bb][\/et_pb_slide][\/et_pb_fullwidth_slider][\/et_pb_section][et_pb_section fb_built=\u00bb1&#8243; _builder_version=\u00bb4.16&#8243; _module_preset=\u00bbdefault\u00bb custom_padding=\u00bb||0px|||\u00bb global_colors_info=\u00bb{}\u00bb][et_pb_row _builder_version=\u00bb4.16&#8243; _module_preset=\u00bbdefault\u00bb min_height=\u00bb93px\u00bb custom_margin=\u00bb-47px|auto||auto||\u00bb custom_padding=\u00bb14px||0px|||\u00bb global_colors_info=\u00bb{}\u00bb][et_pb_column type=\u00bb4_4&#8243; _builder_version=\u00bb4.16&#8243; _module_preset=\u00bbdefault\u00bb global_colors_info=\u00bb{}\u00bb][et_pb_text content_tablet=\u00bb\u00bb content_phone=\u00bb<\/p>\n<h3 style=%22text-align: center;%22><a href=%22http:\/\/www.semh2022.com\/?page_id=481%22><strong>Abierto el plazo de inscripciones de tarifas reducidas hasta el 28 de febrero<\/strong><\/a><\/h3>\n<p>\u00bb content_last_edited=\u00bbon|phone\u00bb _builder_version=\u00bb4.17.1&#8243; _module_preset=\u00bbdefault\u00bb custom_margin=\u00bb11px|||||\u00bb custom_margin_tablet=\u00bb\u00bb custom_margin_phone=\u00bb26px||||false|false\u00bb custom_margin_last_edited=\u00bbon|phone\u00bb hover_enabled=\u00bb0&#8243; global_colors_info=\u00bb{}\u00bb sticky_enabled=\u00bb0&#8243;]<\/p>\n<h1 style=\"text-align: center;\"><a href=\"http:\/\/www.semh2022.com\/?page_id=481\"><strong>INSCRIPCIONES CERRADAS<\/strong><\/a><\/h1>\n<p>[\/et_pb_text][\/et_pb_column][\/et_pb_row][et_pb_row _builder_version=\u00bb4.16&#8243; _module_preset=\u00bbdefault\u00bb custom_padding=\u00bb10px|||||\u00bb global_colors_info=\u00bb{}\u00bb][et_pb_column type=\u00bb4_4&#8243; _builder_version=\u00bb4.16&#8243; _module_preset=\u00bbdefault\u00bb global_colors_info=\u00bb{}\u00bb][et_pb_text _builder_version=\u00bb4.17.1&#8243; _module_preset=\u00bbdefault\u00bb custom_margin_tablet=\u00bb\u00bb custom_margin_phone=\u00bb-17px||||false|false\u00bb custom_margin_last_edited=\u00bbon|phone\u00bb hover_enabled=\u00bb0&#8243; global_colors_info=\u00bb{}\u00bb sticky_enabled=\u00bb0&#8243;]<\/p>\n<h5 style=\"text-align: center;\"><strong>\u00a1GRACIAS POR PARTICIPAR!<\/strong><\/h5>\n<p>[\/et_pb_text][\/et_pb_column][\/et_pb_row][\/et_pb_section][et_pb_section fb_built=\u00bb1&#8243; admin_label=\u00bbsection\u00bb _builder_version=\u00bb4.16&#8243; custom_margin=\u00bb0px||0px||false|false\u00bb custom_padding=\u00bb||0px|||\u00bb global_colors_info=\u00bb{}\u00bb][et_pb_row column_structure=\u00bb1_2,1_2&#8243; use_custom_gutter=\u00bbon\u00bb make_equal=\u00bbon\u00bb _builder_version=\u00bb4.16&#8243; _module_preset=\u00bbdefault\u00bb width=\u00bb100%\u00bb max_width=\u00bb1904px\u00bb module_alignment=\u00bbcenter\u00bb min_height=\u00bb552.3px\u00bb custom_margin=\u00bb-54px|0px|0px|0px|false|false\u00bb custom_padding=\u00bb0px|||||\u00bb global_colors_info=\u00bb{}\u00bb][et_pb_column type=\u00bb1_2&#8243; _builder_version=\u00bb4.16&#8243; _module_preset=\u00bbdefault\u00bb background_color=\u00bb#94c023&#8243; custom_padding=\u00bb|20px||20px|false|false\u00bb global_colors_info=\u00bb{}\u00bb][et_pb_text _builder_version=\u00bb4.16&#8243; _module_preset=\u00bbdefault\u00bb text_text_color=\u00bb#FFFFFF\u00bb background_color=\u00bbRGBA(0,0,0,0)\u00bb custom_margin=\u00bb40px||30px||false|false\u00bb custom_margin_tablet=\u00bb\u00bb custom_margin_phone=\u00bb\u00bb custom_margin_last_edited=\u00bbon|phone\u00bb custom_padding=\u00bb||||false|false\u00bb global_colors_info=\u00bb{}\u00bb]<\/p>\n<h3 style=\"text-align: center;\" align=\"justify\"><span style=\"color: #ffffff;\"><strong>\u00a1BIENVENIDOS AL XVIII CONGRESO DE LA SEMh!<\/strong><\/span><\/h3>\n<p style=\"text-align: justify;\">Con unos meses de retraso con respecto a lo previsto, por fin celebraremos esta XVIII edici\u00f3n del Congreso de la SEMh en M\u00e9rida.<\/p>\n<p style=\"text-align: justify;\">Deseamos que este Congreso sea, una vez m\u00e1s, un foro de participaci\u00f3n donde investigadores, t\u00e9cnicos, empresas y productores puedan presentar, debatir y analizar los avances y las tendencias de los distintos campos que integran el sector de la Malherbolog\u00eda. Y no solo eso. La ciudad donde se celebrar\u00e1 este Congreso, M\u00e9rida, tiene un rico patrimonio art\u00edstico y cultural del que disfrutar\u00e9is paseando por sus calles. Y por supuesto, una gastronom\u00eda exquisita que tendr\u00e9is la oportunidad de degustar en las distintas actividades sociales que se desarrollar\u00e1n esos d\u00edas.<\/p>\n<p style=\"text-align: justify;\">Esperamos que todo esto constituya aliciente suficiente para animaros a asistir a esta \u201cmayor\u00eda de edad\u201d de nuestro Congreso y a disfrutar de esta bonita tierra. Tras muchos meses vi\u00e9ndonos solo a trav\u00e9s de pantallas, ya toca compartir en la cercan\u00eda.<\/p>\n<p><strong>Maria Dolores Osuna<\/strong><br \/><strong> Coordinadora del Comit\u00e9 Organizador<\/strong><\/p>\n<p>[\/et_pb_text][\/et_pb_column][et_pb_column type=\u00bb1_2&#8243; _builder_version=\u00bb4.16&#8243; _module_preset=\u00bbdefault\u00bb background_color=\u00bb#a4c120&#8243; background_image=\u00bbhttp:\/\/www.semh2022.com\/wp-content\/uploads\/2021\/09\/pexels-photo-461284.jpeg\u00bb custom_padding=\u00bb|20px||20px|false|false\u00bb global_colors_info=\u00bb{}\u00bb][et_pb_text _builder_version=\u00bb4.16&#8243; _module_preset=\u00bbdefault\u00bb custom_margin=\u00bb40px||14px||false|false\u00bb global_colors_info=\u00bb{}\u00bb]<\/p>\n<h1 style=\"text-align: center;\" align=\"justify\"><strong>Palacio de Congresos de M\u00e9rida<br \/><\/strong><strong>26 &#8211; 29 abril 2022<\/strong><\/h1>\n<h3 style=\"text-align: center;\" align=\"justify\"><span style=\"color: #808080;\"><strong>Avda. del R\u00edo, s\/n. 06800 M\u00e9rida, Badajoz<br \/>Tel\u00e9fono: 924 00 73 30<\/strong><\/span><strong><\/strong><\/h3>\n<p>[\/et_pb_text][et_pb_text _builder_version=\u00bb4.16&#8243; _module_preset=\u00bbdefault\u00bb global_colors_info=\u00bb{}\u00bb]<\/p>\n\n<p>[\/et_pb_text][et_pb_button button_url=\u00bbhttp:\/\/www.semh2022.com\/?page_id=481&#8243; button_text=\u00bbINSCR\u00cdBETE\u00bb button_alignment=\u00bbcenter\u00bb _builder_version=\u00bb4.16&#8243; _module_preset=\u00bbdefault\u00bb custom_button=\u00bbon\u00bb button_text_color=\u00bb#FFFFFF\u00bb button_bg_color=\u00bb#94c023&#8243; background_layout=\u00bbdark\u00bb custom_margin=\u00bb40px||50px||false|false\u00bb global_colors_info=\u00bb{}\u00bb][\/et_pb_button][\/et_pb_column][\/et_pb_row][et_pb_row column_structure=\u00bb1_2,1_2&#8243; use_custom_gutter=\u00bbon\u00bb make_equal=\u00bbon\u00bb _builder_version=\u00bb4.16&#8243; _module_preset=\u00bbdefault\u00bb width=\u00bb100%\u00bb max_width=\u00bb1904px\u00bb module_alignment=\u00bbcenter\u00bb min_height=\u00bb552.3px\u00bb custom_margin=\u00bb-54px|0px|0px|0px|false|false\u00bb custom_padding=\u00bb0px||11px|||\u00bb global_colors_info=\u00bb{}\u00bb][et_pb_column type=\u00bb1_2&#8243; _builder_version=\u00bb4.16&#8243; _module_preset=\u00bbdefault\u00bb background_color=\u00bb#FFFFFF\u00bb custom_padding=\u00bb|20px||20px|false|false\u00bb global_colors_info=\u00bb{}\u00bb][et_pb_text _builder_version=\u00bb4.16&#8243; _module_preset=\u00bbdefault\u00bb text_text_color=\u00bb#000000&#8243; background_color=\u00bbRGBA(0,0,0,0)\u00bb custom_margin=\u00bb80px||||false|false\u00bb custom_margin_tablet=\u00bb\u00bb custom_margin_phone=\u00bb20px||0px||false|false\u00bb custom_margin_last_edited=\u00bbon|phone\u00bb custom_padding=\u00bb30px||30px||false|false\u00bb custom_padding_tablet=\u00bb\u00bb custom_padding_phone=\u00bb0px||0px||false|false\u00bb custom_padding_last_edited=\u00bbon|phone\u00bb global_colors_info=\u00bb{}\u00bb]<\/p>\n<h3 style=\"text-align: center;\"><span style=\"color: #94c023;\"><strong>PROGRAMA DEL XVIII CONGRESO DE LA SEMh<\/strong><\/span><\/h3>\n<p style=\"text-align: center;\">Consulta la informaci\u00f3n completa de todas las actividades del Congreso, organizadas por d\u00eda y hora, adem\u00e1s de las conferencias invitadas y las sesiones tem\u00e1ticas.<\/p>\n<p>[\/et_pb_text][et_pb_button button_url=\u00bbhttp:\/\/www.semh2022.com\/?page_id=2216&#8243; button_text=\u00bbVER PROGRAMA\u00bb button_alignment=\u00bbcenter\u00bb _builder_version=\u00bb4.16&#8243; _module_preset=\u00bbdefault\u00bb custom_button=\u00bbon\u00bb button_text_color=\u00bb#FFFFFF\u00bb button_bg_color=\u00bb#94c023&#8243; background_layout=\u00bbdark\u00bb custom_margin=\u00bb40px||50px||false|false\u00bb global_colors_info=\u00bb{}\u00bb][\/et_pb_button][\/et_pb_column][et_pb_column type=\u00bb1_2&#8243; _builder_version=\u00bb4.16&#8243; _module_preset=\u00bbdefault\u00bb background_color=\u00bb#FFFFFF\u00bb background_enable_image=\u00bboff\u00bb custom_padding=\u00bb|20px||20px|false|false\u00bb global_colors_info=\u00bb{}\u00bb][et_pb_text _builder_version=\u00bb4.16&#8243; _module_preset=\u00bbdefault\u00bb custom_margin=\u00bb4px||40px||false|false\u00bb custom_padding=\u00bb0px|||||\u00bb global_colors_info=\u00bb{}\u00bb]<\/p>\n<h3>Localizaci\u00f3n del congreso:<br \/><div class=\"leaflet-map WPLeafletMap\" style=\"height:450px; width:100%;\"><\/div><script>\nwindow.WPLeafletMapPlugin = window.WPLeafletMapPlugin || [];\nwindow.WPLeafletMapPlugin.push(function WPLeafletMapShortcode() {\/*<script>*\/\nvar baseUrl = atob('aHR0cHM6Ly97c30udGlsZS5vcGVuc3RyZWV0bWFwLm9yZy97en0ve3h9L3t5fS5wbmc=');\nvar base = (!baseUrl && window.MQ) ?\n    window.MQ.mapLayer() : L.tileLayer(baseUrl,\n        L.Util.extend({}, {\n            detectRetina: 0,\n        },\n        {\"subdomains\":\"abc\",\"noWrap\":false,\"maxZoom\":20}        )\n    );\n    var options = L.Util.extend({}, {\n        layers: [base],\n        attributionControl: false\n    },\n    {\"zoomControl\":true,\"scrollWheelZoom\":true,\"doubleClickZoom\":false,\"fitBounds\":false,\"minZoom\":0,\"maxZoom\":20,\"maxBounds\":null,\"attribution\":\"<a href=\\\"http:\\\/\\\/leafletjs.com\\\" title=\\\"Una biblioteca JS para mapas interactivos\\\">Leaflet<\\\/a>; \\u00a9 <a href=\\\"http:\\\/\\\/www.openstreetmap.org\\\/copyright\\\">OpenStreetMap<\\\/a> colaboradores\"},\n    {});\nwindow.WPLeafletMapPlugin.createMap(options).setView([38.9178651,-6.3583645167378],15);});<\/script><\/h3>\n<script>\nwindow.WPLeafletMapPlugin = window.WPLeafletMapPlugin || [];\nwindow.WPLeafletMapPlugin.push(function WPLeafletMarkerShortcode() {\/*<script>*\/\nvar map = window.WPLeafletMapPlugin.getCurrentMap();\nvar group = window.WPLeafletMapPlugin.getCurrentGroup();\nvar marker_options = window.WPLeafletMapPlugin.getIconOptions({});\nvar marker = L.marker(\n    [0,0],\n    marker_options\n);\nvar is_image = map.is_image_map;\n    marker.setLatLng( map.getCenter() );\nif (marker_options.draggable) {\n    marker.on('dragend', function () {\n        var latlng = this.getLatLng();\n        var lat = latlng.lat;\n        var lng = latlng.lng;\n        if (is_image) {\n            console.log('leaflet-marker y=' + lat + ' x=' + lng);\n        } else {\n            console.log('leaflet-marker lat=' + lat + ' lng=' + lng);\n        }\n    });\n}\nmarker.addTo( group );\nmarker.bindPopup(window.WPLeafletMapPlugin.unescape('Palacio de Congresos de M\u00e9rida&lt;br \/&gt;Av. del R\u00edo, s\/n, 06800&lt;br \/&gt;M\u00e9rida, Badajoz'));window.WPLeafletMapPlugin.markers.push( marker );\n        });<\/script>\n<p>[\/et_pb_text][\/et_pb_column][\/et_pb_row][\/et_pb_section][et_pb_section fb_built=\u00bb1&#8243; _builder_version=\u00bb4.16&#8243; _module_preset=\u00bbdefault\u00bb custom_padding=\u00bb7px||0px|||\u00bb global_colors_info=\u00bb{}\u00bb][et_pb_row _builder_version=\u00bb4.16&#8243; _module_preset=\u00bbdefault\u00bb custom_margin=\u00bb-31px|auto||auto||\u00bb custom_padding=\u00bb||2px|||\u00bb locked=\u00bboff\u00bb global_colors_info=\u00bb{}\u00bb][et_pb_column type=\u00bb4_4&#8243; _builder_version=\u00bb4.16&#8243; _module_preset=\u00bbdefault\u00bb global_colors_info=\u00bb{}\u00bb][et_pb_text _builder_version=\u00bb4.17.1&#8243; _module_preset=\u00bbdefault\u00bb locked=\u00bboff\u00bb global_colors_info=\u00bb{}\u00bb]<\/p>\n<hr \/>\n<table style=\"width: 90%;\">\n<tbody>\n<tr>\n<td style=\"width: 100%; text-align: left;\"><strong>ORGANIZA<\/strong><\/td>\n<\/tr>\n<tr>\n<td style=\"width: 100%;\">\n<p style=\"text-align: left;\"><a href=\"http:\/\/cicytex.juntaex.es\/\" target=\"blank\" rel=\"noopener\"><img decoding=\"async\" src=\"http:\/\/www.semh2022.com\/wp-content\/uploads\/2021\/09\/cicytex-1-150x150.jpg\" alt=\"\" class=\"wp-image-2424 alignnone size-thumbnail\" width=\"120\" \/><\/a> <a href=\"https:\/\/semh.net\/\" target=\"_blank\" rel=\"noopener\"><img loading=\"lazy\" decoding=\"async\" src=\"http:\/\/www.semh2022.com\/wp-content\/uploads\/2021\/09\/30-anos-300x212.jpg\" alt=\"\" class=\"wp-image-2418 alignnone size-medium\" width=\"153\" height=\"108\" srcset=\"http:\/\/www.semh2022.com\/wp-content\/uploads\/2021\/09\/30-anos-300x212.jpg 300w, http:\/\/www.semh2022.com\/wp-content\/uploads\/2021\/09\/30-anos-1024x724.jpg 1024w, http:\/\/www.semh2022.com\/wp-content\/uploads\/2021\/09\/30-anos-768x543.jpg 768w, http:\/\/www.semh2022.com\/wp-content\/uploads\/2021\/09\/30-anos.jpg 1131w\" sizes=\"(max-width: 153px) 100vw, 153px\" \/><\/a>\u00a0<a href=\"https:\/\/semh.net\/\" target=\"_blank\" rel=\"noopener\"><img decoding=\"async\" src=\"http:\/\/www.semh2022.com\/wp-content\/uploads\/2021\/09\/shem-1-150x150.jpg\" alt=\"\" class=\"wp-image-2427 alignnone size-thumbnail\" style=\"margin-left: 20px;\" width=\"120\" \/><\/a>\u00a0<a href=\"http:\/\/www.juntaex.es\/con02\/\" target=\"_blank\" rel=\"noopener\"><img decoding=\"async\" src=\"http:\/\/www.semh2022.com\/wp-content\/uploads\/2021\/09\/junta-1.jpg\" alt=\"\" class=\"wp-image-2426 alignnone size-thumbnail\" style=\"margin-left: 20px;\" width=\"320\" srcset=\"http:\/\/www.semh2022.com\/wp-content\/uploads\/2021\/09\/junta-1.jpg 2138w, http:\/\/www.semh2022.com\/wp-content\/uploads\/2021\/09\/junta-1-300x112.jpg 300w, http:\/\/www.semh2022.com\/wp-content\/uploads\/2021\/09\/junta-1-1024x383.jpg 1024w, http:\/\/www.semh2022.com\/wp-content\/uploads\/2021\/09\/junta-1-768x287.jpg 768w, http:\/\/www.semh2022.com\/wp-content\/uploads\/2021\/09\/junta-1-1536x575.jpg 1536w, http:\/\/www.semh2022.com\/wp-content\/uploads\/2021\/09\/junta-1-2048x766.jpg 2048w\" sizes=\"(max-width: 2138px) 100vw, 2138px\" \/><\/a><\/p>\n<\/td>\n<\/tr>\n<tr>\n<td style=\"width: 100%; text-align: left;\"><strong>COLABORA<\/strong><\/td>\n<\/tr>\n<tr>\n<td style=\"width: 100%;\">\n<p style=\"text-align: left;\"><a href=\"https:\/\/merida.es\" target=\"blank\" rel=\"noopener\"><img decoding=\"async\" src=\"http:\/\/www.semh2022.com\/wp-content\/uploads\/2022\/04\/MARCA_AYUNTAMIENTO_MERIDA.jpg\" alt=\"\" class=\"wp-image-2424 alignnone size-thumbnail\" width=\"144\" \/><\/a> <a href=\"https:\/\/www.fundecyt-pctex.es\/\" target=\"blank\" rel=\"noopener\"><img loading=\"lazy\" decoding=\"async\" src=\"http:\/\/www.semh2022.com\/wp-content\/uploads\/2021\/09\/fundecyt-1.jpg\" alt=\"\" class=\"wp-image-2424 alignnone size-thumbnail\" width=\"184\" height=\"113\" \/><\/a> <a href=\"https:\/\/ctaex.com\/\" target=\"_blank\" rel=\"noopener\"><img loading=\"lazy\" decoding=\"async\" src=\"http:\/\/www.semh2022.com\/wp-content\/uploads\/2022\/02\/ctaex-1.png\" alt=\"\" class=\"wp-image-2423 alignnone size-thumbnail\" style=\"margin-left: 20px;\" width=\"241\" height=\"110\" \/><\/a> <a href=\"https:\/\/www.phytoma.com\/\" target=\"_blank\" rel=\"noopener\"><img loading=\"lazy\" decoding=\"async\" src=\"http:\/\/www.semh2022.com\/wp-content\/uploads\/2022\/03\/I-love-SVphytoma-vf-300x180.jpg\" alt=\"\" class=\"wp-image-3344 alignnone size-medium\" width=\"207\" height=\"124\" srcset=\"http:\/\/www.semh2022.com\/wp-content\/uploads\/2022\/03\/I-love-SVphytoma-vf-300x180.jpg 300w, http:\/\/www.semh2022.com\/wp-content\/uploads\/2022\/03\/I-love-SVphytoma-vf.jpg 335w\" sizes=\"(max-width: 207px) 100vw, 207px\" \/><\/a> <a href=\"https:\/\/www.interempresas.net\/FlipBooks\/TE\/\" target=\"_blank\" rel=\"noopener\"><img loading=\"lazy\" decoding=\"async\" src=\"http:\/\/www.semh2022.com\/wp-content\/uploads\/2022\/03\/Logo-TIERRASInterempresasMedia_grande-300x143.jpg\" alt=\"\" class=\"wp-image-3345 alignnone size-medium\" width=\"247\" height=\"118\" srcset=\"http:\/\/www.semh2022.com\/wp-content\/uploads\/2022\/03\/Logo-TIERRASInterempresasMedia_grande-300x143.jpg 300w, http:\/\/www.semh2022.com\/wp-content\/uploads\/2022\/03\/Logo-TIERRASInterempresasMedia_grande.jpg 422w\" sizes=\"(max-width: 247px) 100vw, 247px\" \/><\/a><\/p>\n<\/td>\n<\/tr>\n<\/tbody>\n<\/table>\n<p style=\"text-align: left;\"><strong>\u00a0 \u00a0\u00a0 PATROCINA<\/strong><\/p>\n<table style=\"width: 90%;\">\n<tbody>\n<tr style=\"height: 10px;\">\n<td style=\"width: 15%;\"><img loading=\"lazy\" decoding=\"async\" src=\"http:\/\/www.semh2022.com\/wp-content\/uploads\/2021\/08\/JUPITER-150x150.png\" alt=\"\" class=\"wp-image-2309 alignnone size-thumbnail\" style=\"display: block; margin-left: auto; margin-right: auto;\" width=\"150\" height=\"150\" \/><\/td>\n<td style=\"width: 15%;\"><a href=\"https:\/\/www.crextremadura.com\" target=\"_blank\" rel=\"noopener\" title=\"basf\"><img decoding=\"async\" src=\"http:\/\/www.semh2022.com\/wp-content\/uploads\/2022\/04\/logo_CAJARURAL.jpg\" alt=\"\" class=\"wp-image-3097 alignnone size-full\" style=\"display: block; margin-left: auto; margin-right: auto;\" width=\"381\" \/><\/a><\/td>\n<td style=\"width: 15%;\"><a href=\"https:\/\/www.basf.com\/es\/es.html\" target=\"_blank\" rel=\"noopener\" title=\"basf\"><img decoding=\"async\" src=\"http:\/\/www.semh2022.com\/wp-content\/uploads\/2021\/11\/basf.jpg\" alt=\"\" class=\"wp-image-3097 alignnone size-full\" style=\"display: block; margin-left: auto; margin-right: auto;\" width=\"381\" srcset=\"http:\/\/www.semh2022.com\/wp-content\/uploads\/2021\/11\/basf.jpg 381w, http:\/\/www.semh2022.com\/wp-content\/uploads\/2021\/11\/basf-300x158.jpg 300w\" sizes=\"(max-width: 381px) 100vw, 381px\" \/><\/a><\/td>\n<td style=\"width: 15%;\"><img decoding=\"async\" src=\"http:\/\/www.semh2022.com\/wp-content\/uploads\/2021\/11\/mesa_del_arroz-150x150.jpg\" alt=\"\" class=\"wp-image-3059 alignnone size-thumbnail\" style=\"display: block; margin-left: auto; margin-right: auto;\" width=\"150\" \/><\/td>\n<td style=\"width: 15%;\"><a href=\"https:\/\/fmcagro.es\/\" target=\"_blank\" rel=\"noopener\" title=\"FMC\"><img decoding=\"async\" src=\"http:\/\/www.semh2022.com\/wp-content\/uploads\/2022\/01\/fmc.jpg\" alt=\"\" class=\"wp-image-3227 alignnone size-full\" style=\"display: block; margin-left: auto; margin-right: auto;\" width=\"150\" srcset=\"http:\/\/www.semh2022.com\/wp-content\/uploads\/2022\/01\/fmc.jpg 334w, http:\/\/www.semh2022.com\/wp-content\/uploads\/2022\/01\/fmc-300x181.jpg 300w\" sizes=\"(max-width: 334px) 100vw, 334px\" \/><\/a><\/td>\n<td style=\"width: 15%;\"><a href=\"https:\/\/www.corteva.es\/\" target=\"_blank\" rel=\"noopener\" title=\"FMC\"><img decoding=\"async\" src=\"http:\/\/www.semh2022.com\/wp-content\/uploads\/2022\/02\/corteva.jpg\" alt=\"\" class=\"wp-image-3227 alignnone size-full\" style=\"display: block; margin-left: auto; margin-right: auto;\" width=\"180\" \/><\/a><\/td>\n<\/tr>\n<tr style=\"height: 10px;\">\n<td style=\"width: 15%;\"><img loading=\"lazy\" decoding=\"async\" src=\"http:\/\/www.semh2022.com\/wp-content\/uploads\/2021\/08\/CERES-150x150.png\" alt=\"\" class=\"wp-image-2313 alignnone size-thumbnail\" style=\"display: block; margin-left: auto; margin-right: auto;\" width=\"150\" height=\"150\" \/><\/td>\n<td style=\"width: 15%;\"><a href=\"https:\/\/www.bayer.com\/en\/crop-science\/crop-science-division\" target=\"_blank\" rel=\"noopener\" title=\"BAYER \"><img decoding=\"async\" src=\"http:\/\/www.semh2022.com\/wp-content\/uploads\/2021\/12\/bayer-1.jpg\" alt=\"\" class=\"wp-image-3128 alignnone size-full\" style=\"text-align: center; display: block; margin-left: auto; margin-right: auto;\" width=\"150\" \/><\/a><\/td>\n<td style=\"width: 15%; text-align: center;\"><a href=\"https:\/\/www.upl-ltd.com\/es\" target=\"_blank\" rel=\"noopener\" title=\"UPL\"><img loading=\"lazy\" decoding=\"async\" src=\"http:\/\/www.semh2022.com\/wp-content\/uploads\/2022\/01\/upl.jpg\" alt=\"\" class=\"wp-image-3226 alignnone size-full\" width=\"294\" height=\"201\" \/><\/a><\/td>\n<td style=\"width: 15%;\"><\/td>\n<td style=\"width: 15%;\"><\/td>\n<td style=\"width: 15%;\"><\/td>\n<\/tr>\n<tr style=\"height: 10px;\">\n<td style=\"width: 15%;\"><img loading=\"lazy\" decoding=\"async\" src=\"http:\/\/www.semh2022.com\/wp-content\/uploads\/2021\/08\/PROSERPINA-150x150.png\" alt=\"\" class=\"wp-image-2315 alignnone size-thumbnail\" style=\"display: block; margin-left: auto; margin-right: auto;\" width=\"150\" height=\"150\" \/><\/td>\n<td style=\"width: 15%;\"><a href=\"https:\/\/www.fieldtrialservices.com\/\" target=\"_blank\" rel=\"noopener\"><img decoding=\"async\" src=\"http:\/\/www.semh2022.com\/wp-content\/uploads\/2021\/11\/fts.jpg\" alt=\"\" class=\"wp-image-3031 alignnone size-full\" style=\"display: block; margin-left: auto; margin-right: auto;\" width=\"150\" \/><\/a><\/td>\n<td style=\"width: 15%;\"><a href=\"https:\/\/gowan.es\/\" target=\"_blank\" rel=\"noopener\" title=\"Gowan\"><img decoding=\"async\" src=\"http:\/\/www.semh2022.com\/wp-content\/uploads\/2021\/11\/gowan.jpg\" alt=\"\" class=\"wp-image-3098 alignnone size-full\" style=\"display: block; margin-left: auto; margin-right: auto;\" width=\"250\" srcset=\"http:\/\/www.semh2022.com\/wp-content\/uploads\/2021\/11\/gowan.jpg 423w, http:\/\/www.semh2022.com\/wp-content\/uploads\/2021\/11\/gowan-300x143.jpg 300w\" sizes=\"(max-width: 423px) 100vw, 423px\" \/><\/a><\/td>\n<td style=\"width: 15%;\"><a href=\"https:\/\/belchim.es\/\" target=\"_blank\" rel=\"noopener\" title=\"belchim.es\"><img decoding=\"async\" src=\"http:\/\/www.semh2022.com\/wp-content\/uploads\/2021\/12\/belchim.jpg\" alt=\"\" class=\"wp-image-3141 alignnone size-full\" style=\"display: block; margin-left: auto; margin-right: auto;\" width=\"150\" \/><\/a><\/td>\n<td style=\"width: 15%;\"><\/td>\n<td style=\"width: 15%;\"><\/td>\n<\/tr>\n<\/tbody>\n<\/table>\n<hr \/>\n<p style=\"text-align: center; tetx-color: #ededed; font-size: 14px;\"><a href=\"http:\/\/www.semh2022.com\/?page_id=3185\">Aviso Legal<\/a> y\u00a0 <a href=\"http:\/\/www.semh2022.com\/?page_id=3191\">Pol\u00edtica de Privacidad<\/a><br \/>\n<span style=\"color: #000000;\">FUNDECYT-PCTEX, Campus Universitario. Avda. Investigaci\u00f3n s\/n, 06006 &#8211; Badajoz, Espa\u00f1a<\/span><\/p>\n<p>[\/et_pb_text][\/et_pb_column][\/et_pb_row][\/et_pb_section]<\/p>\n","protected":false},"excerpt":{"rendered":"<p>INSCRIPCIONES CERRADAS\u00a1GRACIAS POR PARTICIPAR!\u00a1BIENVENIDOS AL XVIII CONGRESO DE LA SEMh! Con unos meses de retraso con respecto a lo previsto, por fin celebraremos esta XVIII edici\u00f3n del Congreso de la SEMh en M\u00e9rida. Deseamos que este Congreso sea, una vez m\u00e1s, un foro de participaci\u00f3n donde investigadores, t\u00e9cnicos, empresas y productores puedan presentar, debatir y [&hellip;]<\/p>\n","protected":false},"author":134,"featured_media":0,"parent":0,"menu_order":0,"comment_status":"closed","ping_status":"closed","template":"","meta":{"_et_pb_use_builder":"on","_et_pb_old_content":"<!-- wp:themify-builder\/canvas \/--><!--themify_builder_static--><img loading=\"lazy\" width=\"2153\" height=\"600\" src=\"http:\/\/www.semh2022.com\/wp-content\/uploads\/2021\/08\/banner-600.jpg\" title=\"banner-600\" alt=\"banner-600\" srcset=\"http:\/\/www.semh2022.com\/wp-content\/uploads\/2021\/08\/banner-600.jpg 2153w, http:\/\/www.semh2022.com\/wp-content\/uploads\/2021\/08\/banner-600-300x84.jpg 300w, http:\/\/www.semh2022.com\/wp-content\/uploads\/2021\/08\/banner-600-1024x285.jpg 1024w, http:\/\/www.semh2022.com\/wp-content\/uploads\/2021\/08\/banner-600-768x214.jpg 768w, http:\/\/www.semh2022.com\/wp-content\/uploads\/2021\/08\/banner-600-1536x428.jpg 1536w, http:\/\/www.semh2022.com\/wp-content\/uploads\/2021\/08\/banner-600-2048x571.jpg 2048w, http:\/\/www.semh2022.com\/wp-content\/uploads\/2021\/08\/banner-600-1024x285-1796x500.jpg 1796w\" sizes=\"(max-width: 2153px) 100vw, 2153px\" \/>\n<h2 style=\"text-align: center;\"><a href=\"http:\/\/www.semh2022.com\/?page_id=2377\">Abierto el plazo de env\u00edo de res\u00famenes<\/a><\/h2>\n<h3 style=\"text-align: center;\" align=\"justify\"><strong>\u00a1BIENVENIDOS AL XVIII CONGRESO DE LA SEMh!<\/strong><\/h3> <p style=\"text-align: justify;\">Con unos meses de retraso con respecto a lo previsto, por fin celebraremos esta XVIII edici\u00f3n del Congreso de la SEMh en M\u00e9rida.<\/p> <p style=\"text-align: justify;\">Deseamos que este Congreso sea, una vez m\u00e1s, un foro de participaci\u00f3n donde investigadores, t\u00e9cnicos, empresas y productores puedan presentar, debatir y analizar los avances y las tendencias de los distintos campos que integran el sector de la Malherbolog\u00eda. Y no solo eso. La ciudad donde se celebrar\u00e1 este Congreso, M\u00e9rida, tiene un rico patrimonio art\u00edstico y cultural del que disfrutar\u00e9is paseando por sus calles. Y por supuesto, una gastronom\u00eda exquisita que tendr\u00e9is la oportunidad de degustar en las distintas actividades sociales que se desarrollar\u00e1n esos d\u00edas.<\/p> <p style=\"text-align: justify;\">Esperamos que todo esto constituya aliciente suficiente para animaros a asistir a esta \u201cmayor\u00eda de edad\u201d de nuestro Congreso y a disfrutar de esta bonita tierra. Tras muchos meses vi\u00e9ndonos solo a trav\u00e9s de pantallas, ya toca compartir en la cercan\u00eda.<\/p> <p><strong>Maria Dolores Osuna<\/strong><br \/> <strong> Coordinadora del Comit\u00e9 Organizador<\/strong><\/p>\n<h2 style=\"text-align: center;\"><strong>Palacio de Congresos de M\u00e9rida<\/strong><\/h2> <h3 style=\"text-align: center;\"><strong>Avda. del R\u00edo, s\/n. 06800 M\u00e9rida, Badajoz<\/strong><br><strong>Tel\u00e9fono: 924 00 73 30<\/strong><\/h3>\n<p>[wpcdt-countdown id=\"2432\"]<\/p>\n<a href=\"https:\/\/themify.me\/\" > INSCR\u00cdBETE <\/a>\n<h3 style=\"text-align: left;\"><strong>PROGRAMA DEL XVIII CONGRESO DE LA SEMh<\/strong><\/h3> <p style=\"text-align: justify;\">Consulta la informaci\u00f3n completa de todas las actividades del Congreso, organizadas por d\u00eda y hora, adem\u00e1s de las conferencias invitadas y las sesiones tem\u00e1ticas.<\/p>\n<a href=\"https:\/\/themify.me\/\" > VER PROGRAMA <\/a>\n<p>[leaflet-map lat=38.91792531893395 lng=-6.358702182769776 zoom=15 address=\"Palacio de Congresos de M\u00e9rida\" scrollwheel zoomcontrol]<\/p> <p>[leaflet-marker]Palacio de Congresos de M\u00e9rida<br \/> Av. del R\u00edo, s\/n, 06800<br \/> M\u00e9rida, Badajoz[\/leaflet-marker]<\/p><!--\/themify_builder_static-->","_et_gb_content_width":"","footnotes":""},"class_list":["post-2692","page","type-page","status-publish","hentry"],"_links":{"self":[{"href":"http:\/\/www.semh2022.com\/index.php?rest_route=\/wp\/v2\/pages\/2692","targetHints":{"allow":["GET"]}}],"collection":[{"href":"http:\/\/www.semh2022.com\/index.php?rest_route=\/wp\/v2\/pages"}],"about":[{"href":"http:\/\/www.semh2022.com\/index.php?rest_route=\/wp\/v2\/types\/page"}],"author":[{"embeddable":true,"href":"http:\/\/www.semh2022.com\/index.php?rest_route=\/wp\/v2\/users\/134"}],"replies":[{"embeddable":true,"href":"http:\/\/www.semh2022.com\/index.php?rest_route=%2Fwp%2Fv2%2Fcomments&post=2692"}],"version-history":[{"count":125,"href":"http:\/\/www.semh2022.com\/index.php?rest_route=\/wp\/v2\/pages\/2692\/revisions"}],"predecessor-version":[{"id":3416,"href":"http:\/\/www.semh2022.com\/index.php?rest_route=\/wp\/v2\/pages\/2692\/revisions\/3416"}],"wp:attachment":[{"href":"http:\/\/www.semh2022.com\/index.php?rest_route=%2Fwp%2Fv2%2Fmedia&parent=2692"}],"curies":[{"name":"wp","href":"https:\/\/api.w.org\/{rel}","templated":true}]}}